{"id":56,"date":"2024-11-24T00:43:01","date_gmt":"2024-11-24T00:43:01","guid":{"rendered":"https:\/\/joaofranciscotavora.com\/index.php\/about\/"},"modified":"2025-08-02T07:56:04","modified_gmt":"2025-08-02T07:56:04","slug":"biografia","status":"publish","type":"page","link":"https:\/\/joaofranciscotavora.com\/index.php\/biografia\/","title":{"rendered":"Biografia"},"content":{"rendered":"\t\t<div data-elementor-type=\"wp-page\" data-elementor-id=\"56\" class=\"elementor elementor-56\" data-elementor-post-type=\"page\">\n\t\t\t\t<div class=\"elementor-element elementor-element-73aff768 e-con-full e-flex e-con e-parent\" data-id=\"73aff768\" data-element_type=\"container\">\n\t\t<div class=\"elementor-element elementor-element-3d3f47f3 e-con-full e-flex e-con e-child\" data-id=\"3d3f47f3\" data-element_type=\"container\" data-settings=\"{&quot;background_background&quot;:&quot;classic&quot;}\">\n\t\t\t\t<\/div>\n\t\t\t\t<\/div>\n\t\t<div class=\"elementor-element elementor-element-8e00cdf e-flex e-con-boxed e-con e-parent\" data-id=\"8e00cdf\" data-element_type=\"container\">\n\t\t\t\t\t<div class=\"e-con-inner\">\n\t\t\t\t<div class=\"elementor-element elementor-element-60b5e0c elementor-widget elementor-widget-heading\" data-id=\"60b5e0c\" data-element_type=\"widget\" data-widget_type=\"heading.default\">\n\t\t\t\t<div class=\"elementor-widget-container\">\n\t\t\t<h2 class=\"elementor-heading-title elementor-size-default\">Jo\u00e3o Francisco T\u00e1vora\u00a0<\/h2>\t\t<\/div>\n\t\t\t\t<\/div>\n\t\t\t\t<div class=\"elementor-element elementor-element-ae5b658 elementor-widget elementor-widget-text-editor\" data-id=\"ae5b658\" data-element_type=\"widget\" data-widget_type=\"text-editor.default\">\n\t\t\t\t<div class=\"elementor-widget-container\">\n\t\t\t\t\t\t\t<p><span style=\"font-weight: 400;\">Apo\u0301s concluir os seus estudos na Escola Superior de Mu\u0301sica e Artes do Espeta\u0301culo, no Porto, e na <\/span><i><span style=\"font-weight: 400;\">Hochschule fu\u0308r Musik und Theater \u201cFelix Mendelssohn Bartholdy\u201d<\/span><\/i><span style=\"font-weight: 400;\">, em Leipzig, Joa\u0303o Francisco Ta\u0301vora inicia uma ambiciosa carreira como solista, ensemble e diretor musical.\u00a0<\/span><\/p><p><span style=\"font-weight: 400;\">O seu primeiro a\u0301lbum a solo, com mu\u0301sica de Georg Philipp Telemann para flauta de bisel, e\u0301 publicado em 2025 pela editora Coviello Classics. Esta gravac\u0327a\u0303o de estreia de Telemann precede um segundo a\u0301lbum a solo com transcric\u0327o\u0303es de obras de J. S. Bach, a ser lanc\u0327ado em 2026. Fez digresso\u0303es com diversos agrupamentos musicais pela Be\u0301lgica, Brasil, Alemanha, Finla\u0302ndia, Portugal (incluindo os Ac\u0327ores e a Madeira) e Espanha.\u00a0<\/span><\/p><p><span style=\"font-weight: 400;\">Desde a temporada 2023\/24, tem trabalhado regularmente com a <\/span><i><span style=\"font-weight: 400;\">Gewandhausorchester<\/span><\/i><span style=\"font-weight: 400;\"> (Leipzig). Como membro do agrupamento Arte Minima, gravou discos com mu\u0301sica de Francisco de Santa Maria e Vicente Lusitano, publicados pela Pan Classics.\u00a0<\/span><\/p><p><span style=\"font-weight: 400;\">Joa\u0303o e\u0301 membro fundador e co-diretor arti\u0301stico do Musurgia Ensemble, dedicado a\u0300 interpretac\u0327a\u0303o e divulgac\u0327a\u0303o da mu\u0301sica dos se\u0301culos XVI a XVIII. Os primeiros projetos discogra\u0301ficos do Musurgia incluem \u201cAd vesperas &#8211; mu\u0301sica para as Ve\u0301speras de Corpus Christi\u201d, em colaborac\u0327a\u0303o com o ensemble vocal Quarto Tom, e o projeto \u201cMissa Iste confessor domini\u201d. <\/span><\/p>\t\t\t\t\t\t<\/div>\n\t\t\t\t<\/div>\n\t\t\t\t\t<\/div>\n\t\t\t\t<\/div>\n\t\t\t\t<\/div>\n\t\t","protected":false},"excerpt":{"rendered":"<p>Jo\u00e3o Francisco T\u00e1vora\u00a0 Apo\u0301s concluir os seus estudos na Escola Superior de Mu\u0301sica e Artes do Espeta\u0301culo, no Porto, e na Hochschule fu\u0308r Musik und Theater \u201cFelix Mendelssohn Bartholdy\u201d, em&hellip;<\/p>\n","protected":false},"author":2,"featured_media":0,"parent":0,"menu_order":0,"comment_status":"closed","ping_status":"closed","template":"elementor_header_footer","meta":{"footnotes":""},"class_list":["post-56","page","type-page","status-publish","hentry"],"yoast_head":"<!-- This site is optimized with the Yoast SEO plugin v25.6 - https:\/\/yoast.com\/wordpress\/plugins\/seo\/ -->\n<title>Biografia - Jo\u00e3o Francisco T\u00e1vora - Recorder<\/title>\n<meta name=\"robots\" content=\"index, follow, max-snippet:-1, max-image-preview:large, max-video-preview:-1\" \/>\n<link rel=\"canonical\" href=\"https:\/\/joaofranciscotavora.com\/index.php\/biografia\/\" \/>\n<meta property=\"og:locale\" content=\"en_US\" \/>\n<meta property=\"og:type\" content=\"article\" \/>\n<meta property=\"og:title\" content=\"Biografia - Jo\u00e3o Francisco T\u00e1vora - Recorder\" \/>\n<meta property=\"og:description\" content=\"Jo\u00e3o Francisco T\u00e1vora\u00a0 Apo\u0301s concluir os seus estudos na Escola Superior de Mu\u0301sica e Artes do Espeta\u0301culo, no Porto, e na Hochschule fu\u0308r Musik und Theater \u201cFelix Mendelssohn Bartholdy\u201d, em&hellip;\" \/>\n<meta property=\"og:url\" content=\"https:\/\/joaofranciscotavora.com\/index.php\/biografia\/\" \/>\n<meta property=\"og:site_name\" content=\"Jo\u00e3o Francisco T\u00e1vora - Recorder\" \/>\n<meta property=\"article:publisher\" content=\"https:\/\/www.facebook.com\/joaofrancisco.tavora\" \/>\n<meta property=\"article:modified_time\" content=\"2025-08-02T07:56:04+00:00\" \/>\n<meta name=\"twitter:card\" content=\"summary_large_image\" \/>\n<meta name=\"twitter:label1\" content=\"Est. reading time\" \/>\n\t<meta name=\"twitter:data1\" content=\"1 minute\" \/>\n<script type=\"application\/ld+json\" class=\"yoast-schema-graph\">{\"@context\":\"https:\/\/schema.org\",\"@graph\":[{\"@type\":\"WebPage\",\"@id\":\"https:\/\/joaofranciscotavora.com\/index.php\/biografia\/\",\"url\":\"https:\/\/joaofranciscotavora.com\/index.php\/biografia\/\",\"name\":\"Biografia - Jo\u00e3o Francisco T\u00e1vora - Recorder\",\"isPartOf\":{\"@id\":\"https:\/\/joaofranciscotavora.com\/#website\"},\"datePublished\":\"2024-11-24T00:43:01+00:00\",\"dateModified\":\"2025-08-02T07:56:04+00:00\",\"breadcrumb\":{\"@id\":\"https:\/\/joaofranciscotavora.com\/index.php\/biografia\/#breadcrumb\"},\"inLanguage\":\"en-US\",\"potentialAction\":[{\"@type\":\"ReadAction\",\"target\":[\"https:\/\/joaofranciscotavora.com\/index.php\/biografia\/\"]}]},{\"@type\":\"BreadcrumbList\",\"@id\":\"https:\/\/joaofranciscotavora.com\/index.php\/biografia\/#breadcrumb\",\"itemListElement\":[{\"@type\":\"ListItem\",\"position\":1,\"name\":\"Home\",\"item\":\"https:\/\/joaofranciscotavora.com\/\"},{\"@type\":\"ListItem\",\"position\":2,\"name\":\"Biografia\"}]},{\"@type\":\"WebSite\",\"@id\":\"https:\/\/joaofranciscotavora.com\/#website\",\"url\":\"https:\/\/joaofranciscotavora.com\/\",\"name\":\"Jo\u00e3o Francisco T\u00e1vora - Recorder\",\"description\":\"\",\"publisher\":{\"@id\":\"https:\/\/joaofranciscotavora.com\/#organization\"},\"potentialAction\":[{\"@type\":\"SearchAction\",\"target\":{\"@type\":\"EntryPoint\",\"urlTemplate\":\"https:\/\/joaofranciscotavora.com\/?s={search_term_string}\"},\"query-input\":{\"@type\":\"PropertyValueSpecification\",\"valueRequired\":true,\"valueName\":\"search_term_string\"}}],\"inLanguage\":\"en-US\"},{\"@type\":\"Organization\",\"@id\":\"https:\/\/joaofranciscotavora.com\/#organization\",\"name\":\"Jo\u00e3o Francisco T\u00e1vora - Recorder\",\"url\":\"https:\/\/joaofranciscotavora.com\/\",\"logo\":{\"@type\":\"ImageObject\",\"inLanguage\":\"en-US\",\"@id\":\"https:\/\/joaofranciscotavora.com\/#\/schema\/logo\/image\/\",\"url\":\"https:\/\/joaofranciscotavora.com\/wp-content\/uploads\/2024\/11\/JFT.png\",\"contentUrl\":\"https:\/\/joaofranciscotavora.com\/wp-content\/uploads\/2024\/11\/JFT.png\",\"width\":1200,\"height\":107,\"caption\":\"Jo\u00e3o Francisco T\u00e1vora - Recorder\"},\"image\":{\"@id\":\"https:\/\/joaofranciscotavora.com\/#\/schema\/logo\/image\/\"},\"sameAs\":[\"https:\/\/www.facebook.com\/joaofrancisco.tavora\",\"https:\/\/www.instagram.com\/tavora_recorder\"]}]}<\/script>\n<!-- \/ Yoast SEO plugin. -->","yoast_head_json":{"title":"Biografia - Jo\u00e3o Francisco T\u00e1vora - Recorder","robots":{"index":"index","follow":"follow","max-snippet":"max-snippet:-1","max-image-preview":"max-image-preview:large","max-video-preview":"max-video-preview:-1"},"canonical":"https:\/\/joaofranciscotavora.com\/index.php\/biografia\/","og_locale":"en_US","og_type":"article","og_title":"Biografia - Jo\u00e3o Francisco T\u00e1vora - Recorder","og_description":"Jo\u00e3o Francisco T\u00e1vora\u00a0 Apo\u0301s concluir os seus estudos na Escola Superior de Mu\u0301sica e Artes do Espeta\u0301culo, no Porto, e na Hochschule fu\u0308r Musik und Theater \u201cFelix Mendelssohn Bartholdy\u201d, em&hellip;","og_url":"https:\/\/joaofranciscotavora.com\/index.php\/biografia\/","og_site_name":"Jo\u00e3o Francisco T\u00e1vora - Recorder","article_publisher":"https:\/\/www.facebook.com\/joaofrancisco.tavora","article_modified_time":"2025-08-02T07:56:04+00:00","twitter_card":"summary_large_image","twitter_misc":{"Est. reading time":"1 minute"},"schema":{"@context":"https:\/\/schema.org","@graph":[{"@type":"WebPage","@id":"https:\/\/joaofranciscotavora.com\/index.php\/biografia\/","url":"https:\/\/joaofranciscotavora.com\/index.php\/biografia\/","name":"Biografia - Jo\u00e3o Francisco T\u00e1vora - Recorder","isPartOf":{"@id":"https:\/\/joaofranciscotavora.com\/#website"},"datePublished":"2024-11-24T00:43:01+00:00","dateModified":"2025-08-02T07:56:04+00:00","breadcrumb":{"@id":"https:\/\/joaofranciscotavora.com\/index.php\/biografia\/#breadcrumb"},"inLanguage":"en-US","potentialAction":[{"@type":"ReadAction","target":["https:\/\/joaofranciscotavora.com\/index.php\/biografia\/"]}]},{"@type":"BreadcrumbList","@id":"https:\/\/joaofranciscotavora.com\/index.php\/biografia\/#breadcrumb","itemListElement":[{"@type":"ListItem","position":1,"name":"Home","item":"https:\/\/joaofranciscotavora.com\/"},{"@type":"ListItem","position":2,"name":"Biografia"}]},{"@type":"WebSite","@id":"https:\/\/joaofranciscotavora.com\/#website","url":"https:\/\/joaofranciscotavora.com\/","name":"Jo\u00e3o Francisco T\u00e1vora - Recorder","description":"","publisher":{"@id":"https:\/\/joaofranciscotavora.com\/#organization"},"potentialAction":[{"@type":"SearchAction","target":{"@type":"EntryPoint","urlTemplate":"https:\/\/joaofranciscotavora.com\/?s={search_term_string}"},"query-input":{"@type":"PropertyValueSpecification","valueRequired":true,"valueName":"search_term_string"}}],"inLanguage":"en-US"},{"@type":"Organization","@id":"https:\/\/joaofranciscotavora.com\/#organization","name":"Jo\u00e3o Francisco T\u00e1vora - Recorder","url":"https:\/\/joaofranciscotavora.com\/","logo":{"@type":"ImageObject","inLanguage":"en-US","@id":"https:\/\/joaofranciscotavora.com\/#\/schema\/logo\/image\/","url":"https:\/\/joaofranciscotavora.com\/wp-content\/uploads\/2024\/11\/JFT.png","contentUrl":"https:\/\/joaofranciscotavora.com\/wp-content\/uploads\/2024\/11\/JFT.png","width":1200,"height":107,"caption":"Jo\u00e3o Francisco T\u00e1vora - Recorder"},"image":{"@id":"https:\/\/joaofranciscotavora.com\/#\/schema\/logo\/image\/"},"sameAs":["https:\/\/www.facebook.com\/joaofrancisco.tavora","https:\/\/www.instagram.com\/tavora_recorder"]}]}},"_links":{"self":[{"href":"https:\/\/joaofranciscotavora.com\/index.php\/wp-json\/wp\/v2\/pages\/56","targetHints":{"allow":["GET"]}}],"collection":[{"href":"https:\/\/joaofranciscotavora.com\/index.php\/wp-json\/wp\/v2\/pages"}],"about":[{"href":"https:\/\/joaofranciscotavora.com\/index.php\/wp-json\/wp\/v2\/types\/page"}],"author":[{"embeddable":true,"href":"https:\/\/joaofranciscotavora.com\/index.php\/wp-json\/wp\/v2\/users\/2"}],"replies":[{"embeddable":true,"href":"https:\/\/joaofranciscotavora.com\/index.php\/wp-json\/wp\/v2\/comments?post=56"}],"version-history":[{"count":17,"href":"https:\/\/joaofranciscotavora.com\/index.php\/wp-json\/wp\/v2\/pages\/56\/revisions"}],"predecessor-version":[{"id":474,"href":"https:\/\/joaofranciscotavora.com\/index.php\/wp-json\/wp\/v2\/pages\/56\/revisions\/474"}],"wp:attachment":[{"href":"https:\/\/joaofranciscotavora.com\/index.php\/wp-json\/wp\/v2\/media?parent=56"}],"curies":[{"name":"wp","href":"https:\/\/api.w.org\/{rel}","templated":true}]}}